{"id":3225,"date":"2025-09-11T14:26:28","date_gmt":"2025-09-11T17:26:28","guid":{"rendered":"https:\/\/regisbike.com.br\/?post_type=product&#038;p=3225"},"modified":"2025-09-11T17:29:50","modified_gmt":"2025-09-11T20:29:50","slug":"3225","status":"publish","type":"product","link":"https:\/\/regisbike.com.br\/?product=3225","title":{"rendered":"BICICLETA INFANTIL GROOVE MY BIKE 20"},"content":{"rendered":"<table style=\"height: 1459px\" width=\"884\">\n<tbody>\n<tr>\n<td width=\"320\"><strong>TAMANHOS<\/strong><\/td>\n<td>ARO 20<\/td>\n<\/tr>\n<tr>\n<td width=\"320\"><strong>COR<\/strong><\/td>\n<td>BRANCO OU ROSA<\/td>\n<\/tr>\n<tr>\n<td width=\"320\"><strong>QUADRO<\/strong><\/td>\n<td>A\u00c7O CAROBONO<\/td>\n<\/tr>\n<tr>\n<td width=\"320\"><strong>SUSPENS\u00c3O<\/strong><\/td>\n<td>GARFO A\u00c7O CARBONO<\/td>\n<\/tr>\n<tr>\n<td width=\"320\"><strong>TROCADOR<\/strong><\/td>\n<td>&#8211;<\/td>\n<\/tr>\n<tr>\n<td width=\"320\"><strong>C\u00c2MBIO TRASEIRO<\/strong><\/td>\n<td>&#8211;<\/td>\n<\/tr>\n<tr>\n<td width=\"320\"><strong>C\u00c2MBIO DIANTEIRO<\/strong><\/td>\n<td>&#8211;<\/td>\n<\/tr>\n<tr>\n<td width=\"320\"><strong>PEDIVELA<\/strong><\/td>\n<td>A\u00c7O CARBONO 140MM CROMADO<\/td>\n<\/tr>\n<tr>\n<td width=\"320\"><strong>CASSETE OU RODA LIVRE<\/strong><\/td>\n<td>A\u00c7O 18 DENTES<\/td>\n<\/tr>\n<tr>\n<td width=\"320\"><strong>CORRENTE<\/strong><\/td>\n<td>GROOVE 1\/2 X 1\/8<\/td>\n<\/tr>\n<tr>\n<td width=\"320\"><strong>ALAVANCA DE FREIO<\/strong><\/td>\n<td>PL\u00c1STICA MANETE DESIGN PR\u00d3XIMO GUID\u00c3O<\/td>\n<\/tr>\n<tr>\n<td width=\"320\"><strong>FREIO<\/strong><\/td>\n<td>V-BRAKE<\/td>\n<\/tr>\n<tr>\n<td width=\"320\"><strong>MOVIMENTO CENTRAL<\/strong><\/td>\n<td>A\u00c7O 45MM<\/td>\n<\/tr>\n<tr>\n<td width=\"320\"><strong>CUBOS<\/strong><\/td>\n<td>A\u00c7O CROMADO<\/td>\n<\/tr>\n<tr>\n<td width=\"320\"><strong>RAIOS<\/strong><\/td>\n<td>A\u00c7O ZINCADO<\/td>\n<\/tr>\n<tr>\n<td width=\"320\"><strong>AROS<\/strong><\/td>\n<td>ALUM\u00cdNIO BRANCO<\/td>\n<\/tr>\n<tr>\n<td width=\"320\"><strong>GUID\u00c3O<\/strong><\/td>\n<td>BMX A\u00c7O CARBONO 560MM BRANCO<\/td>\n<\/tr>\n<tr>\n<td width=\"320\"><strong>MESA<\/strong><\/td>\n<td>BMX A\u00c7O CARBONO BRANCO<\/td>\n<\/tr>\n<tr>\n<td width=\"320\"><strong>CANOTE<\/strong><\/td>\n<td>A\u00c7O CARBONO 25,4<\/td>\n<\/tr>\n<tr>\n<td width=\"320\"><strong>ABRA\u00c7ADEIRA DE SELIM<\/strong><\/td>\n<td>INTEGRADA QUADRO<\/td>\n<\/tr>\n<tr>\n<td width=\"320\"><strong>SELIM<\/strong><\/td>\n<td>SELIM AMS INFANTIL NA COR PINK<\/td>\n<\/tr>\n<tr>\n<td width=\"320\"><strong>PNEU<\/strong><\/td>\n<td>CHAOYANG 20<\/td>\n<\/tr>\n<tr>\n<td width=\"320\"><strong>PESO<\/strong><\/td>\n<td>10,6 KG<\/td>\n<\/tr>\n<tr>\n<td width=\"320\"><strong>GARANTIA QUADRO<\/strong><\/td>\n<td>&#8211;<\/td>\n<\/tr>\n<tr>\n<td width=\"320\"><strong>GARANTIA COMPONENTES<\/strong><\/td>\n<td>06 MESES<\/td>\n<\/tr>\n<\/tbody>\n<\/table>\n","protected":false},"excerpt":{"rendered":"<p><a href=\"https:\/\/regisbike.com.br\/wp-content\/uploads\/2025\/09\/My-Bike-20-.png\"><img decoding=\"async\" loading=\"lazy\" class=\"alignnone size-full wp-image-3241\" src=\"https:\/\/regisbike.com.br\/wp-content\/uploads\/2025\/09\/My-Bike-20-.png\" alt=\"\" width=\"180\" height=\"38\" \/><\/a><\/p>\n<p><strong>Os componentes da My Bike s\u00e3o todos pensados para garantir a melhor experi\u00eancia para as meninas que est\u00e3o iniciando a pedalada. O selim anat\u00f4mico traz conforto e o movimento central mais baixo proporciona mais seguran\u00e7a \u00e0 crian\u00e7a. A bike ainda acompanha uma cestinha muito charmosa e cartela exclusiva de adesivos, para que a ciclista possa personaliz\u00e1-la com o seu nome.<\/strong><\/p>\n<p><strong>A My Bike aro 20 tem design exclusivo do quadro, tubo central em forma de arco permite que a crian\u00e7a suba e des\u00e7a da bike com facilidade. As rodas da My Bike s\u00e3o um diferencial. Feitas em alum\u00ednio, elas s\u00e3o mais dur\u00e1veis que modelos comuns e n\u00e3o deformam com o calor. Ideal para meninas de 06 a 08 anos ou estatura entre 1,20 e 1,35 mts. Nas cores Branca ou Rosa.<\/strong><\/p>\n<p>&nbsp;<\/p>\n","protected":false},"featured_media":3235,"comment_status":"open","ping_status":"closed","template":"","meta":[],"product_cat":[58,60],"product_tag":[],"_links":{"self":[{"href":"https:\/\/regisbike.com.br\/index.php?rest_route=\/wp\/v2\/product\/3225"}],"collection":[{"href":"https:\/\/regisbike.com.br\/index.php?rest_route=\/wp\/v2\/product"}],"about":[{"href":"https:\/\/regisbike.com.br\/index.php?rest_route=\/wp\/v2\/types\/product"}],"replies":[{"embeddable":true,"href":"https:\/\/regisbike.com.br\/index.php?rest_route=%2Fwp%2Fv2%2Fcomments&post=3225"}],"wp:featuredmedia":[{"embeddable":true,"href":"https:\/\/regisbike.com.br\/index.php?rest_route=\/wp\/v2\/media\/3235"}],"wp:attachment":[{"href":"https:\/\/regisbike.com.br\/index.php?rest_route=%2Fwp%2Fv2%2Fmedia&parent=3225"}],"wp:term":[{"taxonomy":"product_cat","embeddable":true,"href":"https:\/\/regisbike.com.br\/index.php?rest_route=%2Fwp%2Fv2%2Fproduct_cat&post=3225"},{"taxonomy":"product_tag","embeddable":true,"href":"https:\/\/regisbike.com.br\/index.php?rest_route=%2Fwp%2Fv2%2Fproduct_tag&post=3225"}],"curies":[{"name":"wp","href":"https:\/\/api.w.org\/{rel}","templated":true}]}}